{"id":23932,"date":"2025-05-19T15:34:25","date_gmt":"2025-05-19T13:34:25","guid":{"rendered":"https:\/\/klimacamp.at\/?post_type=mp-event&#038;p=23932"},"modified":"2025-05-21T15:58:47","modified_gmt":"2025-05-21T13:58:47","slug":"leerstand-und-zwischennutzung","status":"publish","type":"mp-event","link":"https:\/\/klimacamp.at\/en\/timetable\/event\/leerstand-und-zwischennutzung\/","title":{"rendered":"Leerstand und Zwischennutzung"},"content":{"rendered":"\n<div class=\"wp-block-media-text is-stacked-on-mobile\"><figure class=\"wp-block-media-text__media\"><img loading=\"lazy\" decoding=\"async\" width=\"300\" height=\"198\" src=\"https:\/\/klimacamp.at\/wp-content\/uploads\/2025\/05\/Download-1-300x198.png\" alt=\"\" class=\"wp-image-24109 size-medium\" srcset=\"https:\/\/klimacamp.at\/wp-content\/uploads\/2025\/05\/Download-1-300x198.png 300w, https:\/\/klimacamp.at\/wp-content\/uploads\/2025\/05\/Download-1-1024x676.png 1024w, https:\/\/klimacamp.at\/wp-content\/uploads\/2025\/05\/Download-1-768x507.png 768w, https:\/\/klimacamp.at\/wp-content\/uploads\/2025\/05\/Download-1.png 1080w\" sizes=\"auto, (max-width: 300px) 100vw, 300px\" \/><\/figure><div class=\"wp-block-media-text__content\">\n<p>\ud83d\udcf8<a href=\"https:\/\/www.instagram.com\/raum.117\/\">raum.117<\/a><\/p>\n<\/div><\/div>\n\n\n\n<pre class=\"wp-block-preformatted\">\u2014 WORKSHOP \u2014 <br>\u2014 English below \u2014 <br>\ud83c\udfaa Stadt f\u00fcr Alle Camp  <br>\ud83d\udccdSonntag, 25.05. <br>\ud83d\udd5116:00 <br>\ud83c\udfa4Raum 117  <br><br> In diesem Workshop von Raum 117 k\u00f6nnt ihr gemeinsam \u00fcber die Qualit\u00e4ten von Leerstand diskutieren und Erfahrungen teilen. Ziel ist es gemeinsam Konzepte f\u00fcr leere Fl\u00e4chen und Geb\u00e4ude zu entwickeln, um so Visionen f\u00fcr nachhaltige L\u00f6sungen f\u00fcr Leerstand und Zwischennutzung zu sammeln.  <br><br>\ud83c\udfaa City for All Camp<br>\ud83d\udccdSunday, 25.05. <br>\ud83d\udd514PM <br>\ud83c\udfa4Raum 117  <br><br>In this workshop from Room 117, you can discuss the qualities of vacant spaces together and share your experiences. The goal is to collaboratively develop concepts for unused spaces and buildings, thereby gathering visions for sustainable solutions for vacancy and interim use. <\/pre>\n","protected":false},"excerpt":{"rendered":"<p>\ud83d\udcf8raum.117 \u2014 WORKSHOP \u2014 \u2014 English below \u2014 \ud83c\udfaa Stadt f\u00fcr Alle Camp \ud83d\udccdSonntag, 25.05. \ud83d\udd5116:00 \ud83c\udfa4Raum 117 In diesem Workshop von Raum 117 k\u00f6nnt ihr gemeinsam \u00fcber die Qualit\u00e4ten von Leerstand diskutieren und Erfahrungen teilen. Ziel ist es gemeinsam Konzepte f\u00fcr leere Fl\u00e4chen und Geb\u00e4ude zu entwickeln, um so Visionen f\u00fcr nachhaltige L\u00f6sungen f\u00fcr [&hellip;]<\/p>\n","protected":false},"author":32,"featured_media":23933,"menu_order":8,"comment_status":"open","ping_status":"closed","template":"","mp-event_category":[],"mp-event_tag":[],"class_list":["post-23932","mp-event","type-mp-event","status-publish","has-post-thumbnail","hentry","mp-event-item"],"acf":[],"_links":{"self":[{"href":"https:\/\/klimacamp.at\/en\/wp-json\/wp\/v2\/mp-event\/23932","targetHints":{"allow":["GET"]}}],"collection":[{"href":"https:\/\/klimacamp.at\/en\/wp-json\/wp\/v2\/mp-event"}],"about":[{"href":"https:\/\/klimacamp.at\/en\/wp-json\/wp\/v2\/types\/mp-event"}],"author":[{"embeddable":true,"href":"https:\/\/klimacamp.at\/en\/wp-json\/wp\/v2\/users\/32"}],"replies":[{"embeddable":true,"href":"https:\/\/klimacamp.at\/en\/wp-json\/wp\/v2\/comments?post=23932"}],"wp:featuredmedia":[{"embeddable":true,"href":"https:\/\/klimacamp.at\/en\/wp-json\/wp\/v2\/media\/23933"}],"wp:attachment":[{"href":"https:\/\/klimacamp.at\/en\/wp-json\/wp\/v2\/media?parent=23932"}],"wp:term":[{"taxonomy":"mp-event_category","embeddable":true,"href":"https:\/\/klimacamp.at\/en\/wp-json\/wp\/v2\/mp-event_category?post=23932"},{"taxonomy":"mp-event_tag","embeddable":true,"href":"https:\/\/klimacamp.at\/en\/wp-json\/wp\/v2\/mp-event_tag?post=23932"}],"curies":[{"name":"wp","href":"https:\/\/api.w.org\/{rel}","templated":true}]}}